{"id":1460,"date":"2023-08-08T12:59:42","date_gmt":"2023-08-08T10:59:42","guid":{"rendered":"https:\/\/clinicatenisteknon.com\/?page_id=1460"},"modified":"2023-08-08T13:51:48","modified_gmt":"2023-08-08T11:51:48","slug":"muneca-y-mano","status":"publish","type":"page","link":"https:\/\/clinicatenisteknon.com\/es_es\/tratamientos\/muneca-y-mano\/","title":{"rendered":"Mu\u00f1eca y mano"},"content":{"rendered":"\t\t<div data-elementor-type=\"wp-page\" data-elementor-id=\"1460\" class=\"elementor elementor-1460\" data-elementor-post-type=\"page\">\n\t\t\t\t\t\t<section class=\"elementor-section elementor-top-section elementor-element elementor-element-498cad66 elementor-section-stretched elementor-section-boxed elementor-section-height-default elementor-section-height-default\" data-id=\"498cad66\" data-element_type=\"section\" data-e-type=\"section\" data-settings=\"{&quot;stretch_section&quot;:&quot;section-stretched&quot;}\">\n\t\t\t\t\t\t<div class=\"elementor-container elementor-column-gap-default\">\n\t\t\t\t\t<div class=\"elementor-column elementor-col-50 elementor-top-column elementor-element elementor-element-5ee849d5\" data-id=\"5ee849d5\" data-element_type=\"column\" data-e-type=\"column\">\n\t\t\t<div class=\"elementor-widget-wrap elementor-element-populated\">\n\t\t\t\t\t\t<div class=\"elementor-element elementor-element-4f94ed28 elementor-widget elementor-widget-image\" data-id=\"4f94ed28\" data-element_type=\"widget\" data-e-type=\"widget\" data-widget_type=\"image.default\">\n\t\t\t\t<div class=\"elementor-widget-container\">\n\t\t\t\t\t\t\t\t\t\t\t\t\t\t\t<img fetchpriority=\"high\" decoding=\"async\" width=\"1024\" height=\"680\" src=\"https:\/\/clinicatenisteknon.com\/wp-content\/uploads\/2023\/07\/MUNECA-scaled-e1690540448989-1024x680.jpg\" class=\"attachment-large size-large wp-image-1362\" alt=\"\" srcset=\"https:\/\/clinicatenisteknon.com\/wp-content\/uploads\/2023\/07\/MUNECA-scaled-e1690540448989-1024x680.jpg 1024w, https:\/\/clinicatenisteknon.com\/wp-content\/uploads\/2023\/07\/MUNECA-scaled-e1690540448989-600x398.jpg 600w, https:\/\/clinicatenisteknon.com\/wp-content\/uploads\/2023\/07\/MUNECA-scaled-e1690540448989-300x199.jpg 300w, https:\/\/clinicatenisteknon.com\/wp-content\/uploads\/2023\/07\/MUNECA-scaled-e1690540448989-768x510.jpg 768w, https:\/\/clinicatenisteknon.com\/wp-content\/uploads\/2023\/07\/MUNECA-scaled-e1690540448989-1536x1020.jpg 1536w, https:\/\/clinicatenisteknon.com\/wp-content\/uploads\/2023\/07\/MUNECA-scaled-e1690540448989-2048x1360.jpg 2048w, https:\/\/clinicatenisteknon.com\/wp-content\/uploads\/2023\/07\/MUNECA-scaled-e1690540448989-18x12.jpg 18w\" sizes=\"(max-width: 1024px) 100vw, 1024px\" \/>\t\t\t\t\t\t\t\t\t\t\t\t\t\t\t<\/div>\n\t\t\t\t<\/div>\n\t\t\t\t\t<\/div>\n\t\t<\/div>\n\t\t\t\t<div class=\"elementor-column elementor-col-50 elementor-top-column elementor-element elementor-element-784939be elementor-invisible\" data-id=\"784939be\" data-element_type=\"column\" data-e-type=\"column\" data-settings=\"{&quot;animation&quot;:&quot;fadeInRight&quot;}\">\n\t\t\t<div class=\"elementor-widget-wrap elementor-element-populated\">\n\t\t\t\t\t\t<div class=\"elementor-element elementor-element-3071e86f elementor-widget elementor-widget-heading\" data-id=\"3071e86f\" data-element_type=\"widget\" data-e-type=\"widget\" data-widget_type=\"heading.default\">\n\t\t\t\t<div class=\"elementor-widget-container\">\n\t\t\t\t\t<h2 class=\"elementor-heading-title elementor-size-default\">Tratamiendo de Mu\u00f1eca y Mano<\/h2>\t\t\t\t<\/div>\n\t\t\t\t<\/div>\n\t\t\t\t\t<\/div>\n\t\t<\/div>\n\t\t\t\t\t<\/div>\n\t\t<\/section>\n\t\t\t\t<section class=\"elementor-section elementor-top-section elementor-element elementor-element-657bda97 elementor-section-stretched elementor-section-boxed elementor-section-height-default elementor-section-height-default\" data-id=\"657bda97\" data-element_type=\"section\" data-e-type=\"section\" data-settings=\"{&quot;stretch_section&quot;:&quot;section-stretched&quot;}\">\n\t\t\t\t\t\t<div class=\"elementor-container elementor-column-gap-wider\">\n\t\t\t\t\t<div class=\"elementor-column elementor-col-100 elementor-top-column elementor-element elementor-element-761ef5ff\" data-id=\"761ef5ff\" data-element_type=\"column\" data-e-type=\"column\">\n\t\t\t<div class=\"elementor-widget-wrap elementor-element-populated\">\n\t\t\t\t\t\t<div class=\"elementor-element elementor-element-2fcc61b9 elementor-widget elementor-widget-text-editor\" data-id=\"2fcc61b9\" data-element_type=\"widget\" data-e-type=\"widget\" data-widget_type=\"text-editor.default\">\n\t\t\t\t<div class=\"elementor-widget-container\">\n\t\t\t\t\t\t\t\t\t<h3><strong>Lesiones del ligamento triangular<\/strong><\/h3><p>El complejo triangular de fibrocart\u00edlago (TFCC) est\u00e1 formado por fibras de col\u00e1geno (ligamentos) implantadas en una matriz de fibrocart\u00edlago que se extiende hasta el extremo del radio y el c\u00fabito. Esto mantiene estables los huesos del antebrazo cuando rotan o cuando la mano est\u00e1 agarrando. Las lesiones del ligamento triangular son una causa frecuente de dolor cubital y pueden ser causadas por procesos traum\u00e1ticos o degenerativos.<\/p>\t\t\t\t\t\t\t\t<\/div>\n\t\t\t\t<\/div>\n\t\t\t\t<div class=\"elementor-element elementor-element-4d688bbb elementor-widget elementor-widget-heading\" data-id=\"4d688bbb\" data-element_type=\"widget\" data-e-type=\"widget\" data-widget_type=\"heading.default\">\n\t\t\t\t<div class=\"elementor-widget-container\">\n\t\t\t\t\t<h3 class=\"elementor-heading-title elementor-size-default\">Tratamiento<\/h3>\t\t\t\t<\/div>\n\t\t\t\t<\/div>\n\t\t\t\t<div class=\"elementor-element elementor-element-c37d7f8 elementor-widget elementor-widget-text-editor\" data-id=\"c37d7f8\" data-element_type=\"widget\" data-e-type=\"widget\" data-widget_type=\"text-editor.default\">\n\t\t\t\t<div class=\"elementor-widget-container\">\n\t\t\t\t\t\t\t\t\t<ul><li><strong>Conservador<\/strong>: consiste en inmovilizaci\u00f3n con \u00f3rtesis durante tres a cuatro semanas y fisioterapia. Las lesiones traum\u00e1ticas requieren entre cuatro y diecis\u00e9is semanas para la recuperaci\u00f3n. El tratamiento conservado puede ser asociado con infiltraciones de Plasma Rico en Plaquetas PRP.<\/li><li><strong>Cirug\u00eda<\/strong>: se considera si el tratamiento conservador no alivia el dolor. Consiste en un desbridamiento artrosc\u00f3pico para retirar los componentes sueltos o reinsertarlos.<\/li><\/ul>\t\t\t\t\t\t\t\t<\/div>\n\t\t\t\t<\/div>\n\t\t\t\t\t<\/div>\n\t\t<\/div>\n\t\t\t\t\t<\/div>\n\t\t<\/section>\n\t\t\t\t<section class=\"elementor-section elementor-top-section elementor-element elementor-element-6e9feec7 elementor-section-stretched elementor-section-boxed elementor-section-height-default elementor-section-height-default\" data-id=\"6e9feec7\" data-element_type=\"section\" data-e-type=\"section\" data-settings=\"{&quot;stretch_section&quot;:&quot;section-stretched&quot;}\">\n\t\t\t\t\t\t<div class=\"elementor-container elementor-column-gap-wider\">\n\t\t\t\t\t<div class=\"elementor-column elementor-col-100 elementor-top-column elementor-element elementor-element-315a9bd8\" data-id=\"315a9bd8\" data-element_type=\"column\" data-e-type=\"column\">\n\t\t\t<div class=\"elementor-widget-wrap elementor-element-populated\">\n\t\t\t\t\t\t<div class=\"elementor-element elementor-element-3384627e elementor-widget elementor-widget-text-editor\" data-id=\"3384627e\" data-element_type=\"widget\" data-e-type=\"widget\" data-widget_type=\"text-editor.default\">\n\t\t\t\t<div class=\"elementor-widget-container\">\n\t\t\t\t\t\t\t\t\t<h3><strong>Pinza de mu\u00f1eca &#8211; <\/strong><strong>S\u00edndrome de impactaci\u00f3n c\u00fabito-carpiana<\/strong><\/h3><p>Esta afecci\u00f3n, tambi\u00e9n conocida como s\u00edndrome del pilar c\u00fabitocarpiano, es una afecci\u00f3n degenerativa de la mu\u00f1eca en la que la cabeza cubital impacta contra el carpo del lado cubital, comprimiendo el ligamento triangular y da\u00f1ando el TFCC. Causa dolor en la mu\u00f1eca del lado cubital. Se atribuye a la varianza cubital positiva que puede ser cong\u00e9nita o haber resultado de una fractura de radio distal con consolidaci\u00f3n defectuosa, como consecuencia de un traumatismo en la uni\u00f3n del radio o de una lesi\u00f3n en el codo.<\/p><p>El dolor es insidioso y progresivo aumentando con la actividad deportiva y con la pronaci\u00f3n y desviaci\u00f3n cubital.<\/p>\t\t\t\t\t\t\t\t<\/div>\n\t\t\t\t<\/div>\n\t\t\t\t<div class=\"elementor-element elementor-element-7f624a63 elementor-widget elementor-widget-heading\" data-id=\"7f624a63\" data-element_type=\"widget\" data-e-type=\"widget\" data-widget_type=\"heading.default\">\n\t\t\t\t<div class=\"elementor-widget-container\">\n\t\t\t\t\t<h3 class=\"elementor-heading-title elementor-size-default\">Tratamiento<\/h3>\t\t\t\t<\/div>\n\t\t\t\t<\/div>\n\t\t\t\t<div class=\"elementor-element elementor-element-11638bca elementor-widget elementor-widget-text-editor\" data-id=\"11638bca\" data-element_type=\"widget\" data-e-type=\"widget\" data-widget_type=\"text-editor.default\">\n\t\t\t\t<div class=\"elementor-widget-container\">\n\t\t\t\t\t\t\t\t\t<ul><li><strong>Conservador<\/strong>: consiste en ortesis de tres a seis semanas y fisioterapia.<\/li><li>Las <strong>infiltraciones<\/strong> de esteroides tambi\u00e9n pueden tener un uso diagn\u00f3stico y terap\u00e9utico y la recuperaci\u00f3n oscila entre cuatro y diecis\u00e9is semanas.<\/li><li><strong>Cirug\u00eda<\/strong>: consiste en descomprimir el borde cubital de la mu\u00f1eca, osteotom\u00eda de acortamiento cubital o procedimiento artrosc\u00f3pico de obleas.<\/li><\/ul>\t\t\t\t\t\t\t\t<\/div>\n\t\t\t\t<\/div>\n\t\t\t\t\t<\/div>\n\t\t<\/div>\n\t\t\t\t\t<\/div>\n\t\t<\/section>\n\t\t\t\t<section class=\"elementor-section elementor-top-section elementor-element elementor-element-2365480a elementor-section-stretched elementor-section-boxed elementor-section-height-default elementor-section-height-default\" data-id=\"2365480a\" data-element_type=\"section\" data-e-type=\"section\" data-settings=\"{&quot;stretch_section&quot;:&quot;section-stretched&quot;}\">\n\t\t\t\t\t\t<div class=\"elementor-container elementor-column-gap-wider\">\n\t\t\t\t\t<div class=\"elementor-column elementor-col-100 elementor-top-column elementor-element elementor-element-2385acb5\" data-id=\"2385acb5\" data-element_type=\"column\" data-e-type=\"column\">\n\t\t\t<div class=\"elementor-widget-wrap elementor-element-populated\">\n\t\t\t\t\t\t<div class=\"elementor-element elementor-element-416d2710 elementor-widget elementor-widget-text-editor\" data-id=\"416d2710\" data-element_type=\"widget\" data-e-type=\"widget\" data-widget_type=\"text-editor.default\">\n\t\t\t\t<div class=\"elementor-widget-container\">\n\t\t\t\t\t\t\t\t\t<h3><strong>Impactaci\u00f3n estiloides cubital<\/strong><\/h3><p>Esta condici\u00f3n se asocia con dolor en la mu\u00f1eca del lado del dedo me\u00f1ique, causado por un c\u00fabito corto y una estiloides larga. Cuando la estiloides es demasiado larga, presiona contra los huesos de la mu\u00f1eca, particularmente el hueso del piramidal y puede provocar una sinovitis.<\/p>\t\t\t\t\t\t\t\t<\/div>\n\t\t\t\t<\/div>\n\t\t\t\t<div class=\"elementor-element elementor-element-92134d elementor-widget elementor-widget-heading\" data-id=\"92134d\" data-element_type=\"widget\" data-e-type=\"widget\" data-widget_type=\"heading.default\">\n\t\t\t\t<div class=\"elementor-widget-container\">\n\t\t\t\t\t<h3 class=\"elementor-heading-title elementor-size-default\">Tratamiento<\/h3>\t\t\t\t<\/div>\n\t\t\t\t<\/div>\n\t\t\t\t<div class=\"elementor-element elementor-element-457cff3f elementor-widget elementor-widget-text-editor\" data-id=\"457cff3f\" data-element_type=\"widget\" data-e-type=\"widget\" data-widget_type=\"text-editor.default\">\n\t\t\t\t<div class=\"elementor-widget-container\">\n\t\t\t\t\t\t\t\t\t<p>El tratamiento var\u00eda desde m\u00e9todos conservadores como la terapia manual hasta la cirug\u00eda mediante la resecci\u00f3n de la estiloides cubital.<\/p>\t\t\t\t\t\t\t\t<\/div>\n\t\t\t\t<\/div>\n\t\t\t\t\t<\/div>\n\t\t<\/div>\n\t\t\t\t\t<\/div>\n\t\t<\/section>\n\t\t\t\t<section class=\"elementor-section elementor-top-section elementor-element elementor-element-1b7adf65 elementor-section-stretched elementor-section-boxed elementor-section-height-default elementor-section-height-default\" data-id=\"1b7adf65\" data-element_type=\"section\" data-e-type=\"section\" data-settings=\"{&quot;stretch_section&quot;:&quot;section-stretched&quot;}\">\n\t\t\t\t\t\t<div class=\"elementor-container elementor-column-gap-wider\">\n\t\t\t\t\t<div class=\"elementor-column elementor-col-100 elementor-top-column elementor-element elementor-element-1646819f\" data-id=\"1646819f\" data-element_type=\"column\" data-e-type=\"column\">\n\t\t\t<div class=\"elementor-widget-wrap elementor-element-populated\">\n\t\t\t\t\t\t<div class=\"elementor-element elementor-element-5aafa56e elementor-widget elementor-widget-text-editor\" data-id=\"5aafa56e\" data-element_type=\"widget\" data-e-type=\"widget\" data-widget_type=\"text-editor.default\">\n\t\t\t\t<div class=\"elementor-widget-container\">\n\t\t\t\t\t\t\t\t\t<h3><strong>Lesiones condrales de la mu\u00f1eca<\/strong><\/h3><p>El cart\u00edlago es el tejido que cubre las superficies de las articulaciones, lo que reduce la fricci\u00f3n y permite el movimiento adecuado de las articulaciones. El da\u00f1o del cart\u00edlago articular en la mu\u00f1eca produce dolor, bloqueos y disminuci\u00f3n de la movilidad, lo que lleva al desgaste y la artritis.<\/p><p>La mayor\u00eda de las lesiones condrales de la mu\u00f1eca son secundarias a fracturas de la articulaci\u00f3n del radio distal.<\/p>\t\t\t\t\t\t\t\t<\/div>\n\t\t\t\t<\/div>\n\t\t\t\t<div class=\"elementor-element elementor-element-35f674af elementor-widget elementor-widget-heading\" data-id=\"35f674af\" data-element_type=\"widget\" data-e-type=\"widget\" data-widget_type=\"heading.default\">\n\t\t\t\t<div class=\"elementor-widget-container\">\n\t\t\t\t\t<h3 class=\"elementor-heading-title elementor-size-default\">Tratamiento<\/h3>\t\t\t\t<\/div>\n\t\t\t\t<\/div>\n\t\t\t\t<div class=\"elementor-element elementor-element-3d9be8a4 elementor-widget elementor-widget-text-editor\" data-id=\"3d9be8a4\" data-element_type=\"widget\" data-e-type=\"widget\" data-widget_type=\"text-editor.default\">\n\t\t\t\t<div class=\"elementor-widget-container\">\n\t\t\t\t\t\t\t\t\t<ul><li>La <strong>artroscopia<\/strong> de mu\u00f1eca se utiliza tanto para el diagn\u00f3stico como para la extracci\u00f3n de cuerpos libres. Varias opciones de tratamiento son posibles:<\/li><li>Las <strong>microperforaciones<\/strong> son perforaciones \u00f3seas para aumentar la vascularizaci\u00f3n de la zona y ayudar a la posible regeneraci\u00f3n del cart\u00edlago.<\/li><li>La <strong>mosaicoplastia<\/strong> consiste en trasplantar un trozo de otra articulaci\u00f3n de menor carga a la zona lesionada.<\/li><li>El <strong>implante<\/strong> de condrocitos aut\u00f3logos, que ha mostrado los mejores resultados, es un procedimiento de dos partes en el que se procesa un cultivo de c\u00e9lulas del paciente en el laboratorio y la matriz de col\u00e1geno resultante se implanta en el \u00e1rea lesionada.<\/li><\/ul>\t\t\t\t\t\t\t\t<\/div>\n\t\t\t\t<\/div>\n\t\t\t\t\t<\/div>\n\t\t<\/div>\n\t\t\t\t\t<\/div>\n\t\t<\/section>\n\t\t\t\t<section class=\"elementor-section elementor-top-section elementor-element elementor-element-7fd20ce elementor-section-stretched elementor-section-boxed elementor-section-height-default elementor-section-height-default\" data-id=\"7fd20ce\" data-element_type=\"section\" data-e-type=\"section\" data-settings=\"{&quot;stretch_section&quot;:&quot;section-stretched&quot;}\">\n\t\t\t\t\t\t<div class=\"elementor-container elementor-column-gap-wider\">\n\t\t\t\t\t<div class=\"elementor-column elementor-col-100 elementor-top-column elementor-element elementor-element-599a222\" data-id=\"599a222\" data-element_type=\"column\" data-e-type=\"column\">\n\t\t\t<div class=\"elementor-widget-wrap elementor-element-populated\">\n\t\t\t\t\t\t<div class=\"elementor-element elementor-element-4d7b9cd elementor-widget elementor-widget-text-editor\" data-id=\"4d7b9cd\" data-element_type=\"widget\" data-e-type=\"widget\" data-widget_type=\"text-editor.default\">\n\t\t\t\t<div class=\"elementor-widget-container\">\n\t\t\t\t\t\t\t\t\t<h3><strong>Patolog\u00eda del tend\u00f3n cubital posterior<\/strong><\/h3><p>Esta lesi\u00f3n generalmente involucra el tend\u00f3n y la vaina del extensor carpi ulnaris y, a menudo, es causada por movimientos repetitivos que combinan levantamiento, impacto, torsi\u00f3n o lanzamiento. Por lo general, es una lesi\u00f3n progresiva lenta com\u00fan en los jugadores de tenis, golfistas y levantadores de pesas.<\/p>\t\t\t\t\t\t\t\t<\/div>\n\t\t\t\t<\/div>\n\t\t\t\t<div class=\"elementor-element elementor-element-bc48175 elementor-widget elementor-widget-heading\" data-id=\"bc48175\" data-element_type=\"widget\" data-e-type=\"widget\" data-widget_type=\"heading.default\">\n\t\t\t\t<div class=\"elementor-widget-container\">\n\t\t\t\t\t<h3 class=\"elementor-heading-title elementor-size-default\">Tratamiento<\/h3>\t\t\t\t<\/div>\n\t\t\t\t<\/div>\n\t\t\t\t<div class=\"elementor-element elementor-element-5490bf4 elementor-widget elementor-widget-text-editor\" data-id=\"5490bf4\" data-element_type=\"widget\" data-e-type=\"widget\" data-widget_type=\"text-editor.default\">\n\t\t\t\t<div class=\"elementor-widget-container\">\n\t\t\t\t\t\t\t\t\t<ul><li><strong>Conservador<\/strong>: infiltraci\u00f3n selectiva acompa\u00f1ada de inyecci\u00f3n eco-guiada de esteroides en la vaina fibro\u00f3sea o Plasma Rico en Plaquetas PRP. En casos de lesi\u00f3n del tend\u00f3n se puede valorar tratamiento con infiltraci\u00f3n de C\u00e9lulas Madre Mesenquimales.<\/li><li>El uso de <strong>f\u00e9rulas, fisioterapia y cambios en la actividad<\/strong> son otras opciones.<\/li><li><strong>Cirug\u00eda<\/strong>: consiste en la liberaci\u00f3n compartimental para aliviar la presi\u00f3n sobre el nervio.<\/li><\/ul>\t\t\t\t\t\t\t\t<\/div>\n\t\t\t\t<\/div>\n\t\t\t\t\t<\/div>\n\t\t<\/div>\n\t\t\t\t\t<\/div>\n\t\t<\/section>\n\t\t\t\t<section class=\"elementor-section elementor-top-section elementor-element elementor-element-f03b199 elementor-section-stretched elementor-section-boxed elementor-section-height-default elementor-section-height-default\" data-id=\"f03b199\" data-element_type=\"section\" data-e-type=\"section\" data-settings=\"{&quot;stretch_section&quot;:&quot;section-stretched&quot;}\">\n\t\t\t\t\t\t<div class=\"elementor-container elementor-column-gap-wider\">\n\t\t\t\t\t<div class=\"elementor-column elementor-col-100 elementor-top-column elementor-element elementor-element-e1364da\" data-id=\"e1364da\" data-element_type=\"column\" data-e-type=\"column\">\n\t\t\t<div class=\"elementor-widget-wrap elementor-element-populated\">\n\t\t\t\t\t\t<div class=\"elementor-element elementor-element-417432a elementor-widget elementor-widget-text-editor\" data-id=\"417432a\" data-element_type=\"widget\" data-e-type=\"widget\" data-widget_type=\"text-editor.default\">\n\t\t\t\t<div class=\"elementor-widget-container\">\n\t\t\t\t\t\t\t\t\t<h3><strong>Tunes carpal<\/strong><\/h3><p>Esta lesi\u00f3n es causada por la compresi\u00f3n del nervio mediano que pasa a trav\u00e9s del t\u00fanel carpiano y se caracteriza por entumecimiento y hormigueo en la mano y dolor que se irradia hacia el brazo, especialmente durante la noche.<\/p><p>Es la compresi\u00f3n nerviosa m\u00e1s frecuente de la extremidad superior y la mayor\u00eda de las causas son desconocidas, aunque pueden provenir de causas anat\u00f3micas o fisiol\u00f3gicas como neuropat\u00edas diab\u00e9ticas, posici\u00f3n y uso de la mu\u00f1eca.<\/p>\t\t\t\t\t\t\t\t<\/div>\n\t\t\t\t<\/div>\n\t\t\t\t<div class=\"elementor-element elementor-element-299b071 elementor-widget elementor-widget-heading\" data-id=\"299b071\" data-element_type=\"widget\" data-e-type=\"widget\" data-widget_type=\"heading.default\">\n\t\t\t\t<div class=\"elementor-widget-container\">\n\t\t\t\t\t<h3 class=\"elementor-heading-title elementor-size-default\">Tratamiento<\/h3>\t\t\t\t<\/div>\n\t\t\t\t<\/div>\n\t\t\t\t<div class=\"elementor-element elementor-element-2b4c548 elementor-widget elementor-widget-text-editor\" data-id=\"2b4c548\" data-element_type=\"widget\" data-e-type=\"widget\" data-widget_type=\"text-editor.default\">\n\t\t\t\t<div class=\"elementor-widget-container\">\n\t\t\t\t\t\t\t\t\t<ul><li><strong>Conservador<\/strong>: esto se puede intentar desde el principio y si la condici\u00f3n es leve; puede consistir en f\u00e9rula para la mu\u00f1eca, ejercicios e infiltraciones de corticoides.<\/li><li><strong>Cirug\u00eda<\/strong>: realizada por secci\u00f3n del ligamento anular del carpo. Se puede hacer mediante endoscopia o mediante liberaci\u00f3n abierta del t\u00fanel carpiano.<\/li><\/ul>\t\t\t\t\t\t\t\t<\/div>\n\t\t\t\t<\/div>\n\t\t\t\t\t<\/div>\n\t\t<\/div>\n\t\t\t\t\t<\/div>\n\t\t<\/section>\n\t\t\t\t<section class=\"elementor-section elementor-top-section elementor-element elementor-element-7c05875 elementor-section-stretched elementor-section-boxed elementor-section-height-default elementor-section-height-default\" data-id=\"7c05875\" data-element_type=\"section\" data-e-type=\"section\" data-settings=\"{&quot;stretch_section&quot;:&quot;section-stretched&quot;}\">\n\t\t\t\t\t\t<div class=\"elementor-container elementor-column-gap-wider\">\n\t\t\t\t\t<div class=\"elementor-column elementor-col-100 elementor-top-column elementor-element elementor-element-e3210ca\" data-id=\"e3210ca\" data-element_type=\"column\" data-e-type=\"column\">\n\t\t\t<div class=\"elementor-widget-wrap elementor-element-populated\">\n\t\t\t\t\t\t<div class=\"elementor-element elementor-element-9ad4de0 elementor-widget elementor-widget-text-editor\" data-id=\"9ad4de0\" data-element_type=\"widget\" data-e-type=\"widget\" data-widget_type=\"text-editor.default\">\n\t\t\t\t<div class=\"elementor-widget-container\">\n\t\t\t\t\t\t\t\t\t<h3><strong>Ganglios sinoviales<\/strong><\/h3><p>Estos son tumores qu\u00edsticos benignos, peque\u00f1os sacos de l\u00edquido que se forman sobre una articulaci\u00f3n o un tend\u00f3n. Suelen ser asintom\u00e1ticos aunque, a veces, dolorosos. Los ganglios dorsales son el tipo m\u00e1s frecuente de ganglios de la mu\u00f1eca seguidos de los ganglios volares.<\/p>\t\t\t\t\t\t\t\t<\/div>\n\t\t\t\t<\/div>\n\t\t\t\t<div class=\"elementor-element elementor-element-ad978da elementor-widget elementor-widget-heading\" data-id=\"ad978da\" data-element_type=\"widget\" data-e-type=\"widget\" data-widget_type=\"heading.default\">\n\t\t\t\t<div class=\"elementor-widget-container\">\n\t\t\t\t\t<h3 class=\"elementor-heading-title elementor-size-default\">Tratamiento<\/h3>\t\t\t\t<\/div>\n\t\t\t\t<\/div>\n\t\t\t\t<div class=\"elementor-element elementor-element-02a50a6 elementor-widget elementor-widget-text-editor\" data-id=\"02a50a6\" data-element_type=\"widget\" data-e-type=\"widget\" data-widget_type=\"text-editor.default\">\n\t\t\t\t<div class=\"elementor-widget-container\">\n\t\t\t\t\t\t\t\t\t<ul><li><strong>En el 50% de los casos se reabsorben sin tratamiento.<\/strong> En algunos casos se puede aplicar tratamiento con aspiraci\u00f3n de l\u00edquido eco-guiada.<\/li><li><strong>Cirug\u00eda<\/strong>: consiste en una incisi\u00f3n transversal, resecando el ped\u00edculo y la c\u00e1psula. Este tratamiento tiene una alta tasa de recurrencia.<\/li><\/ul>\t\t\t\t\t\t\t\t<\/div>\n\t\t\t\t<\/div>\n\t\t\t\t\t<\/div>\n\t\t<\/div>\n\t\t\t\t\t<\/div>\n\t\t<\/section>\n\t\t\t\t<section class=\"elementor-section elementor-top-section elementor-element elementor-element-046857d elementor-section-stretched elementor-section-boxed elementor-section-height-default elementor-section-height-default\" data-id=\"046857d\" data-element_type=\"section\" data-e-type=\"section\" data-settings=\"{&quot;stretch_section&quot;:&quot;section-stretched&quot;}\">\n\t\t\t\t\t\t<div class=\"elementor-container elementor-column-gap-wider\">\n\t\t\t\t\t<div class=\"elementor-column elementor-col-100 elementor-top-column elementor-element elementor-element-9515491\" data-id=\"9515491\" data-element_type=\"column\" data-e-type=\"column\">\n\t\t\t<div class=\"elementor-widget-wrap elementor-element-populated\">\n\t\t\t\t\t\t<div class=\"elementor-element elementor-element-e9f546f elementor-widget elementor-widget-text-editor\" data-id=\"e9f546f\" data-element_type=\"widget\" data-e-type=\"widget\" data-widget_type=\"text-editor.default\">\n\t\t\t\t<div class=\"elementor-widget-container\">\n\t\t\t\t\t\t\t\t\t<h3><strong>S\u00edndrome de De Quervain<\/strong><\/h3><p>La tenosinovitis de <em>De Quervain<\/em> produce la inflamaci\u00f3n del tend\u00f3n y de la vaina que lo recubre en el lado de la mu\u00f1eca del lado del pulgar. Puede deberse a un uso excesivo cr\u00f3nico de la mu\u00f1eca o a movimientos repetitivos de la mano o la mu\u00f1eca y causa dolor al girar la mu\u00f1eca, agarrar algo o cerrar el pu\u00f1o. Es com\u00fan en golfistas y tenistas y en mujeres de treinta a cincuenta a\u00f1os.<\/p>\t\t\t\t\t\t\t\t<\/div>\n\t\t\t\t<\/div>\n\t\t\t\t<div class=\"elementor-element elementor-element-36c8289 elementor-widget elementor-widget-heading\" data-id=\"36c8289\" data-element_type=\"widget\" data-e-type=\"widget\" data-widget_type=\"heading.default\">\n\t\t\t\t<div class=\"elementor-widget-container\">\n\t\t\t\t\t<h3 class=\"elementor-heading-title elementor-size-default\">Tratamiento<\/h3>\t\t\t\t<\/div>\n\t\t\t\t<\/div>\n\t\t\t\t<div class=\"elementor-element elementor-element-a950b0e elementor-widget elementor-widget-text-editor\" data-id=\"a950b0e\" data-element_type=\"widget\" data-e-type=\"widget\" data-widget_type=\"text-editor.default\">\n\t\t\t\t<div class=\"elementor-widget-container\">\n\t\t\t\t\t\t\t\t\t<ul><li><strong>Conservador<\/strong>: con antiinflamatorios, inmovilizaci\u00f3n del primer dedo e infiltraci\u00f3n de corticoides guiada por ecograf\u00eda.<\/li><li><strong>Cirug\u00eda<\/strong>; consiste en ten\u00f3lisis &#8211; liberaci\u00f3n del primer compartimento para liberar los dos tendones.<\/li><\/ul>\t\t\t\t\t\t\t\t<\/div>\n\t\t\t\t<\/div>\n\t\t\t\t\t<\/div>\n\t\t<\/div>\n\t\t\t\t\t<\/div>\n\t\t<\/section>\n\t\t\t\t<section class=\"elementor-section elementor-top-section elementor-element elementor-element-d1c56ec elementor-section-stretched elementor-section-boxed elementor-section-height-default elementor-section-height-default\" data-id=\"d1c56ec\" data-element_type=\"section\" data-e-type=\"section\" data-settings=\"{&quot;stretch_section&quot;:&quot;section-stretched&quot;}\">\n\t\t\t\t\t\t<div class=\"elementor-container elementor-column-gap-wider\">\n\t\t\t\t\t<div class=\"elementor-column elementor-col-100 elementor-top-column elementor-element elementor-element-5a4a5fe\" data-id=\"5a4a5fe\" data-element_type=\"column\" data-e-type=\"column\">\n\t\t\t<div class=\"elementor-widget-wrap elementor-element-populated\">\n\t\t\t\t\t\t<div class=\"elementor-element elementor-element-401d4b9 elementor-widget elementor-widget-text-editor\" data-id=\"401d4b9\" data-element_type=\"widget\" data-e-type=\"widget\" data-widget_type=\"text-editor.default\">\n\t\t\t\t<div class=\"elementor-widget-container\">\n\t\t\t\t\t\t\t\t\t<h3><strong>Protuberancia carpometacarpiana<\/strong><\/h3><p>Carpal Boss es un crecimiento excesivo de hueso donde el dedo \u00edndice se encuentra con los huesos del carpo, lo que provoca una protuberancia firme en la parte dorsal de la mano. La causa no est\u00e1 clara, pero podr\u00eda estar relacionada con el uso excesivo y los movimientos repetitivos, ya que tiende a ocurrir en la mano dominante. Suele ser asintom\u00e1tico.<\/p>\t\t\t\t\t\t\t\t<\/div>\n\t\t\t\t<\/div>\n\t\t\t\t<div class=\"elementor-element elementor-element-ed9e0be elementor-widget elementor-widget-heading\" data-id=\"ed9e0be\" data-element_type=\"widget\" data-e-type=\"widget\" data-widget_type=\"heading.default\">\n\t\t\t\t<div class=\"elementor-widget-container\">\n\t\t\t\t\t<h3 class=\"elementor-heading-title elementor-size-default\">Tratamiento<\/h3>\t\t\t\t<\/div>\n\t\t\t\t<\/div>\n\t\t\t\t<div class=\"elementor-element elementor-element-fe8c9aa elementor-widget elementor-widget-text-editor\" data-id=\"fe8c9aa\" data-element_type=\"widget\" data-e-type=\"widget\" data-widget_type=\"text-editor.default\">\n\t\t\t\t<div class=\"elementor-widget-container\">\n\t\t\t\t\t\t\t\t\t<ul><li><strong>Conservador<\/strong>: antiinflamatorios, inyecciones de corticoides intralesionales, inmovilizaci\u00f3n y fisioterapia.<\/li><li><p><strong>Cirug\u00eda<\/strong>: si el dolor persiste, el bulto se extirpar\u00e1 quir\u00fargicamente y la recuperaci\u00f3n demorar\u00e1 entre dos y seis semanas.<\/p><\/li><\/ul>\t\t\t\t\t\t\t\t<\/div>\n\t\t\t\t<\/div>\n\t\t\t\t\t<\/div>\n\t\t<\/div>\n\t\t\t\t\t<\/div>\n\t\t<\/section>\n\t\t\t\t<section class=\"elementor-section elementor-top-section elementor-element elementor-element-a1da1fe elementor-section-stretched elementor-section-boxed elementor-section-height-default elementor-section-height-default\" data-id=\"a1da1fe\" data-element_type=\"section\" data-e-type=\"section\" data-settings=\"{&quot;stretch_section&quot;:&quot;section-stretched&quot;}\">\n\t\t\t\t\t\t<div class=\"elementor-container elementor-column-gap-wider\">\n\t\t\t\t\t<div class=\"elementor-column elementor-col-100 elementor-top-column elementor-element elementor-element-505f627\" data-id=\"505f627\" data-element_type=\"column\" data-e-type=\"column\">\n\t\t\t<div class=\"elementor-widget-wrap elementor-element-populated\">\n\t\t\t\t\t\t<div class=\"elementor-element elementor-element-0b94d5f elementor-widget elementor-widget-text-editor\" data-id=\"0b94d5f\" data-element_type=\"widget\" data-e-type=\"widget\" data-widget_type=\"text-editor.default\">\n\t\t\t\t<div class=\"elementor-widget-container\">\n\t\t\t\t\t\t\t\t\t<h3><strong>Fracturas de radio distal y cubital distal<\/strong><\/h3><p>Estas fracturas generalmente se deben a un traumatismo de baja energ\u00eda cuando se cae sobre las manos extendidas. Son muy frecuentes, siendo las fracturas del extremo distal del radio las m\u00e1s frecuentes.<\/p><p>Las fracturas se pueden clasificar en:<\/p><p>Extraarticulares: fractura de Colles, fractura de Smith, fractura de Barthon y fractura de Hutchinson.<\/p><p>Intra-articular.<\/p><p>Intra y extraarticulares.<\/p>\t\t\t\t\t\t\t\t<\/div>\n\t\t\t\t<\/div>\n\t\t\t\t<div class=\"elementor-element elementor-element-c2ff9f3 elementor-widget elementor-widget-heading\" data-id=\"c2ff9f3\" data-element_type=\"widget\" data-e-type=\"widget\" data-widget_type=\"heading.default\">\n\t\t\t\t<div class=\"elementor-widget-container\">\n\t\t\t\t\t<h3 class=\"elementor-heading-title elementor-size-default\">Tratamiento<\/h3>\t\t\t\t<\/div>\n\t\t\t\t<\/div>\n\t\t\t\t<div class=\"elementor-element elementor-element-87d1189 elementor-widget elementor-widget-text-editor\" data-id=\"87d1189\" data-element_type=\"widget\" data-e-type=\"widget\" data-widget_type=\"text-editor.default\">\n\t\t\t\t<div class=\"elementor-widget-container\">\n\t\t\t\t\t\t\t\t\t<p>Debido a la complejidad y posibilidad de lesiones asociadas del ligamento escafolunar, fibrocart\u00edlago triangular y nervio mediano, el tratamiento se determina caso por caso.<\/p><p><strong>Cirug\u00eda<\/strong>: las opciones incluyen inmovilizaci\u00f3n con yeso, reducci\u00f3n cerrada, reducci\u00f3n abierta y osteos\u00edntesis.<\/p>\t\t\t\t\t\t\t\t<\/div>\n\t\t\t\t<\/div>\n\t\t\t\t\t<\/div>\n\t\t<\/div>\n\t\t\t\t\t<\/div>\n\t\t<\/section>\n\t\t\t\t<section class=\"elementor-section elementor-top-section elementor-element elementor-element-0db938a elementor-section-stretched elementor-section-boxed elementor-section-height-default elementor-section-height-default\" data-id=\"0db938a\" data-element_type=\"section\" data-e-type=\"section\" data-settings=\"{&quot;stretch_section&quot;:&quot;section-stretched&quot;}\">\n\t\t\t\t\t\t<div class=\"elementor-container elementor-column-gap-wider\">\n\t\t\t\t\t<div class=\"elementor-column elementor-col-100 elementor-top-column elementor-element elementor-element-81cf852\" data-id=\"81cf852\" data-element_type=\"column\" data-e-type=\"column\">\n\t\t\t<div class=\"elementor-widget-wrap elementor-element-populated\">\n\t\t\t\t\t\t<div class=\"elementor-element elementor-element-c6d9da9 elementor-widget elementor-widget-text-editor\" data-id=\"c6d9da9\" data-element_type=\"widget\" data-e-type=\"widget\" data-widget_type=\"text-editor.default\">\n\t\t\t\t<div class=\"elementor-widget-container\">\n\t\t\t\t\t\t\t\t\t<h3><strong>Fracturas semilunares<\/strong><\/h3><p>Aunque bastante raras, estas son las segundas fracturas del carpo m\u00e1s frecuentes y, a menudo, se asocian con otras lesiones del carpo. La mayor\u00eda se reconocen cuando producen la enfermedad de Kienb\u00f6ck (necrosis avascular). Por lo general, tambi\u00e9n son causados \u200b\u200bpor una ca\u00edda sobre una mano extendida.<\/p>\t\t\t\t\t\t\t\t<\/div>\n\t\t\t\t<\/div>\n\t\t\t\t<div class=\"elementor-element elementor-element-75422c6 elementor-widget elementor-widget-heading\" data-id=\"75422c6\" data-element_type=\"widget\" data-e-type=\"widget\" data-widget_type=\"heading.default\">\n\t\t\t\t<div class=\"elementor-widget-container\">\n\t\t\t\t\t<h3 class=\"elementor-heading-title elementor-size-default\">Tratamiento<\/h3>\t\t\t\t<\/div>\n\t\t\t\t<\/div>\n\t\t\t\t<div class=\"elementor-element elementor-element-7dae539 elementor-widget elementor-widget-text-editor\" data-id=\"7dae539\" data-element_type=\"widget\" data-e-type=\"widget\" data-widget_type=\"text-editor.default\">\n\t\t\t\t<div class=\"elementor-widget-container\">\n\t\t\t\t\t\t\t\t\t<p>El tratamiento de las lesiones por avulsi\u00f3n consiste en la inmovilizaci\u00f3n con yeso u ortesis durante cuatro semanas.<\/p>\t\t\t\t\t\t\t\t<\/div>\n\t\t\t\t<\/div>\n\t\t\t\t\t<\/div>\n\t\t<\/div>\n\t\t\t\t\t<\/div>\n\t\t<\/section>\n\t\t\t\t<section class=\"elementor-section elementor-top-section elementor-element elementor-element-0776ef9 elementor-section-stretched elementor-section-boxed elementor-section-height-default elementor-section-height-default\" data-id=\"0776ef9\" data-element_type=\"section\" data-e-type=\"section\" data-settings=\"{&quot;stretch_section&quot;:&quot;section-stretched&quot;}\">\n\t\t\t\t\t\t<div class=\"elementor-container elementor-column-gap-wider\">\n\t\t\t\t\t<div class=\"elementor-column elementor-col-100 elementor-top-column elementor-element elementor-element-d4209f0\" data-id=\"d4209f0\" data-element_type=\"column\" data-e-type=\"column\">\n\t\t\t<div class=\"elementor-widget-wrap elementor-element-populated\">\n\t\t\t\t\t\t<div class=\"elementor-element elementor-element-fb00205 elementor-widget elementor-widget-text-editor\" data-id=\"fb00205\" data-element_type=\"widget\" data-e-type=\"widget\" data-widget_type=\"text-editor.default\">\n\t\t\t\t<div class=\"elementor-widget-container\">\n\t\t\t\t\t\t\t\t\t<h3><strong>Dedo en gatillo<\/strong><\/h3><p>Esta condici\u00f3n ocurre cuando se impide que el tend\u00f3n flexor se deslice normalmente dentro de su vaina, generalmente en flexi\u00f3n. Produce una sensaci\u00f3n de chasquido, lo que dificulta doblar el dedo o el pulgar afectado. Es m\u00e1s frecuente en personas que realizan movimientos de agarre repetitivos. La rigidez tambi\u00e9n es m\u00e1s t\u00edpica por la ma\u00f1ana, cuando el pulgar o el dedo se atascan en la flexi\u00f3n.<\/p>\t\t\t\t\t\t\t\t<\/div>\n\t\t\t\t<\/div>\n\t\t\t\t<div class=\"elementor-element elementor-element-cf0a89c elementor-widget elementor-widget-heading\" data-id=\"cf0a89c\" data-element_type=\"widget\" data-e-type=\"widget\" data-widget_type=\"heading.default\">\n\t\t\t\t<div class=\"elementor-widget-container\">\n\t\t\t\t\t<h3 class=\"elementor-heading-title elementor-size-default\">Tratamiento quir\u00fargico no prot\u00e9sico<\/h3>\t\t\t\t<\/div>\n\t\t\t\t<\/div>\n\t\t\t\t<div class=\"elementor-element elementor-element-8702936 elementor-widget elementor-widget-text-editor\" data-id=\"8702936\" data-element_type=\"widget\" data-e-type=\"widget\" data-widget_type=\"text-editor.default\">\n\t\t\t\t<div class=\"elementor-widget-container\">\n\t\t\t\t\t\t\t\t\t<ul><li><strong>Conservador<\/strong>: tiene como objetivo eliminar el bloqueo y se puede hacer con antiinflamatorios o inyecciones de corticosteroides.<\/li><li><strong>Cirug\u00eda<\/strong>: si no se resuelve con un tratamiento conservador, se realiza una liberaci\u00f3n quir\u00fargica de la primera polea anular o una sinovectom\u00eda.<\/li><\/ul>\t\t\t\t\t\t\t\t<\/div>\n\t\t\t\t<\/div>\n\t\t\t\t\t<\/div>\n\t\t<\/div>\n\t\t\t\t\t<\/div>\n\t\t<\/section>\n\t\t\t\t<\/div>\n\t\t","protected":false},"excerpt":{"rendered":"<p>Tratamiendo de Mu\u00f1eca y Mano Lesiones del ligamento triangular El complejo triangular de fibrocart\u00edlago (TFCC) est\u00e1 formado por fibras de col\u00e1geno (ligamentos) implantadas en una matriz de fibrocart\u00edlago que se &#8230; <a title=\"Mu\u00f1eca y mano\" class=\"read-more\" href=\"https:\/\/clinicatenisteknon.com\/es_es\/tratamientos\/muneca-y-mano\/\" aria-label=\"Leer m\u00e1s sobre Mu\u00f1eca y mano\">Leer m\u00e1s<\/a><\/p>\n","protected":false},"author":4,"featured_media":0,"parent":1168,"menu_order":4,"comment_status":"closed","ping_status":"closed","template":"","meta":{"generate_page_header":"","footnotes":""},"class_list":["post-1460","page","type-page","status-publish"],"yoast_head":"<!-- This site is optimized with the Yoast SEO plugin v27.5 - https:\/\/yoast.com\/product\/yoast-seo-wordpress\/ -->\n<title>Mu\u00f1eca y mano - Cl\u00ednica Tenis Teknon<\/title>\n<meta name=\"robots\" content=\"index, follow, max-snippet:-1, max-image-preview:large, max-video-preview:-1\" \/>\n<link rel=\"canonical\" href=\"https:\/\/clinicatenisteknon.com\/es_es\/tratamientos\/muneca-y-mano\/\" \/>\n<meta property=\"og:locale\" content=\"es_ES\" \/>\n<meta property=\"og:type\" content=\"article\" \/>\n<meta property=\"og:title\" content=\"Mu\u00f1eca y mano - Cl\u00ednica Tenis Teknon\" \/>\n<meta property=\"og:description\" content=\"Tratamiendo de Mu\u00f1eca y Mano Lesiones del ligamento triangular El complejo triangular de fibrocart\u00edlago (TFCC) est\u00e1 formado por fibras de col\u00e1geno (ligamentos) implantadas en una matriz de fibrocart\u00edlago que se ... Leer m\u00e1s\" \/>\n<meta property=\"og:url\" content=\"https:\/\/clinicatenisteknon.com\/es_es\/tratamientos\/muneca-y-mano\/\" \/>\n<meta property=\"og:site_name\" content=\"Cl\u00ednica Tenis Teknon\" \/>\n<meta property=\"article:modified_time\" content=\"2023-08-08T11:51:48+00:00\" \/>\n<meta property=\"og:image\" content=\"https:\/\/clinicatenisteknon.com\/wp-content\/uploads\/2023\/07\/MUNECA-scaled-e1690540448989-1024x680.jpg\" \/>\n<meta name=\"twitter:card\" content=\"summary_large_image\" \/>\n<meta name=\"twitter:label1\" content=\"Tiempo de lectura\" \/>\n\t<meta name=\"twitter:data1\" content=\"7 minutos\" \/>\n<script type=\"application\/ld+json\" class=\"yoast-schema-graph\">{\"@context\":\"https:\\\/\\\/schema.org\",\"@graph\":[{\"@type\":\"WebPage\",\"@id\":\"https:\\\/\\\/clinicatenisteknon.com\\\/tratamientos\\\/muneca-y-mano\\\/\",\"url\":\"https:\\\/\\\/clinicatenisteknon.com\\\/tratamientos\\\/muneca-y-mano\\\/\",\"name\":\"Mu\u00f1eca y mano - Cl\u00ednica Tenis Teknon\",\"isPartOf\":{\"@id\":\"https:\\\/\\\/clinicatenisteknon.com\\\/#website\"},\"primaryImageOfPage\":{\"@id\":\"https:\\\/\\\/clinicatenisteknon.com\\\/tratamientos\\\/muneca-y-mano\\\/#primaryimage\"},\"image\":{\"@id\":\"https:\\\/\\\/clinicatenisteknon.com\\\/tratamientos\\\/muneca-y-mano\\\/#primaryimage\"},\"thumbnailUrl\":\"https:\\\/\\\/clinicatenisteknon.com\\\/wp-content\\\/uploads\\\/2023\\\/07\\\/MUNECA-scaled-e1690540448989-1024x680.jpg\",\"datePublished\":\"2023-08-08T10:59:42+00:00\",\"dateModified\":\"2023-08-08T11:51:48+00:00\",\"breadcrumb\":{\"@id\":\"https:\\\/\\\/clinicatenisteknon.com\\\/tratamientos\\\/muneca-y-mano\\\/#breadcrumb\"},\"inLanguage\":\"es\",\"potentialAction\":[{\"@type\":\"ReadAction\",\"target\":[\"https:\\\/\\\/clinicatenisteknon.com\\\/tratamientos\\\/muneca-y-mano\\\/\"]}]},{\"@type\":\"ImageObject\",\"inLanguage\":\"es\",\"@id\":\"https:\\\/\\\/clinicatenisteknon.com\\\/tratamientos\\\/muneca-y-mano\\\/#primaryimage\",\"url\":\"https:\\\/\\\/clinicatenisteknon.com\\\/wp-content\\\/uploads\\\/2023\\\/07\\\/MUNECA-scaled-e1690540448989-1024x680.jpg\",\"contentUrl\":\"https:\\\/\\\/clinicatenisteknon.com\\\/wp-content\\\/uploads\\\/2023\\\/07\\\/MUNECA-scaled-e1690540448989-1024x680.jpg\"},{\"@type\":\"BreadcrumbList\",\"@id\":\"https:\\\/\\\/clinicatenisteknon.com\\\/tratamientos\\\/muneca-y-mano\\\/#breadcrumb\",\"itemListElement\":[{\"@type\":\"ListItem\",\"position\":1,\"name\":\"Portada\",\"item\":\"https:\\\/\\\/clinicatenisteknon.com\\\/\"},{\"@type\":\"ListItem\",\"position\":2,\"name\":\"Tratamientos\",\"item\":\"https:\\\/\\\/clinicatenisteknon.com\\\/es_es\\\/tratamientos\\\/\"},{\"@type\":\"ListItem\",\"position\":3,\"name\":\"Mu\u00f1eca y mano\"}]},{\"@type\":\"WebSite\",\"@id\":\"https:\\\/\\\/clinicatenisteknon.com\\\/#website\",\"url\":\"https:\\\/\\\/clinicatenisteknon.com\\\/\",\"name\":\"Cl\u00ednica Tenis Teknon\",\"description\":\"Cl\u00ednica del tenis \",\"publisher\":{\"@id\":\"https:\\\/\\\/clinicatenisteknon.com\\\/#organization\"},\"potentialAction\":[{\"@type\":\"SearchAction\",\"target\":{\"@type\":\"EntryPoint\",\"urlTemplate\":\"https:\\\/\\\/clinicatenisteknon.com\\\/?s={search_term_string}\"},\"query-input\":{\"@type\":\"PropertyValueSpecification\",\"valueRequired\":true,\"valueName\":\"search_term_string\"}}],\"inLanguage\":\"es\"},{\"@type\":\"Organization\",\"@id\":\"https:\\\/\\\/clinicatenisteknon.com\\\/#organization\",\"name\":\"Cl\u00ednica Tenis Teknon\",\"url\":\"https:\\\/\\\/clinicatenisteknon.com\\\/\",\"logo\":{\"@type\":\"ImageObject\",\"inLanguage\":\"es\",\"@id\":\"https:\\\/\\\/clinicatenisteknon.com\\\/#\\\/schema\\\/logo\\\/image\\\/\",\"url\":\"https:\\\/\\\/clinicatenisteknon.com\\\/wp-content\\\/uploads\\\/2023\\\/02\\\/QS-C-Cl-T-Teknon-Logo-Hz-Positiv-CMYK.jpg\",\"contentUrl\":\"https:\\\/\\\/clinicatenisteknon.com\\\/wp-content\\\/uploads\\\/2023\\\/02\\\/QS-C-Cl-T-Teknon-Logo-Hz-Positiv-CMYK.jpg\",\"width\":1802,\"height\":449,\"caption\":\"Cl\u00ednica Tenis Teknon\"},\"image\":{\"@id\":\"https:\\\/\\\/clinicatenisteknon.com\\\/#\\\/schema\\\/logo\\\/image\\\/\"}}]}<\/script>\n<!-- \/ Yoast SEO plugin. -->","yoast_head_json":{"title":"Mu\u00f1eca y mano - Cl\u00ednica Tenis Teknon","robots":{"index":"index","follow":"follow","max-snippet":"max-snippet:-1","max-image-preview":"max-image-preview:large","max-video-preview":"max-video-preview:-1"},"canonical":"https:\/\/clinicatenisteknon.com\/es_es\/tratamientos\/muneca-y-mano\/","og_locale":"es_ES","og_type":"article","og_title":"Mu\u00f1eca y mano - Cl\u00ednica Tenis Teknon","og_description":"Tratamiendo de Mu\u00f1eca y Mano Lesiones del ligamento triangular El complejo triangular de fibrocart\u00edlago (TFCC) est\u00e1 formado por fibras de col\u00e1geno (ligamentos) implantadas en una matriz de fibrocart\u00edlago que se ... Leer m\u00e1s","og_url":"https:\/\/clinicatenisteknon.com\/es_es\/tratamientos\/muneca-y-mano\/","og_site_name":"Cl\u00ednica Tenis Teknon","article_modified_time":"2023-08-08T11:51:48+00:00","og_image":[{"url":"https:\/\/clinicatenisteknon.com\/wp-content\/uploads\/2023\/07\/MUNECA-scaled-e1690540448989-1024x680.jpg","type":"","width":"","height":""}],"twitter_card":"summary_large_image","twitter_misc":{"Tiempo de lectura":"7 minutos"},"schema":{"@context":"https:\/\/schema.org","@graph":[{"@type":"WebPage","@id":"https:\/\/clinicatenisteknon.com\/tratamientos\/muneca-y-mano\/","url":"https:\/\/clinicatenisteknon.com\/tratamientos\/muneca-y-mano\/","name":"Mu\u00f1eca y mano - Cl\u00ednica Tenis Teknon","isPartOf":{"@id":"https:\/\/clinicatenisteknon.com\/#website"},"primaryImageOfPage":{"@id":"https:\/\/clinicatenisteknon.com\/tratamientos\/muneca-y-mano\/#primaryimage"},"image":{"@id":"https:\/\/clinicatenisteknon.com\/tratamientos\/muneca-y-mano\/#primaryimage"},"thumbnailUrl":"https:\/\/clinicatenisteknon.com\/wp-content\/uploads\/2023\/07\/MUNECA-scaled-e1690540448989-1024x680.jpg","datePublished":"2023-08-08T10:59:42+00:00","dateModified":"2023-08-08T11:51:48+00:00","breadcrumb":{"@id":"https:\/\/clinicatenisteknon.com\/tratamientos\/muneca-y-mano\/#breadcrumb"},"inLanguage":"es","potentialAction":[{"@type":"ReadAction","target":["https:\/\/clinicatenisteknon.com\/tratamientos\/muneca-y-mano\/"]}]},{"@type":"ImageObject","inLanguage":"es","@id":"https:\/\/clinicatenisteknon.com\/tratamientos\/muneca-y-mano\/#primaryimage","url":"https:\/\/clinicatenisteknon.com\/wp-content\/uploads\/2023\/07\/MUNECA-scaled-e1690540448989-1024x680.jpg","contentUrl":"https:\/\/clinicatenisteknon.com\/wp-content\/uploads\/2023\/07\/MUNECA-scaled-e1690540448989-1024x680.jpg"},{"@type":"BreadcrumbList","@id":"https:\/\/clinicatenisteknon.com\/tratamientos\/muneca-y-mano\/#breadcrumb","itemListElement":[{"@type":"ListItem","position":1,"name":"Portada","item":"https:\/\/clinicatenisteknon.com\/"},{"@type":"ListItem","position":2,"name":"Tratamientos","item":"https:\/\/clinicatenisteknon.com\/es_es\/tratamientos\/"},{"@type":"ListItem","position":3,"name":"Mu\u00f1eca y mano"}]},{"@type":"WebSite","@id":"https:\/\/clinicatenisteknon.com\/#website","url":"https:\/\/clinicatenisteknon.com\/","name":"Cl\u00ednica Tenis Teknon","description":"Cl\u00ednica del tenis ","publisher":{"@id":"https:\/\/clinicatenisteknon.com\/#organization"},"potentialAction":[{"@type":"SearchAction","target":{"@type":"EntryPoint","urlTemplate":"https:\/\/clinicatenisteknon.com\/?s={search_term_string}"},"query-input":{"@type":"PropertyValueSpecification","valueRequired":true,"valueName":"search_term_string"}}],"inLanguage":"es"},{"@type":"Organization","@id":"https:\/\/clinicatenisteknon.com\/#organization","name":"Cl\u00ednica Tenis Teknon","url":"https:\/\/clinicatenisteknon.com\/","logo":{"@type":"ImageObject","inLanguage":"es","@id":"https:\/\/clinicatenisteknon.com\/#\/schema\/logo\/image\/","url":"https:\/\/clinicatenisteknon.com\/wp-content\/uploads\/2023\/02\/QS-C-Cl-T-Teknon-Logo-Hz-Positiv-CMYK.jpg","contentUrl":"https:\/\/clinicatenisteknon.com\/wp-content\/uploads\/2023\/02\/QS-C-Cl-T-Teknon-Logo-Hz-Positiv-CMYK.jpg","width":1802,"height":449,"caption":"Cl\u00ednica Tenis Teknon"},"image":{"@id":"https:\/\/clinicatenisteknon.com\/#\/schema\/logo\/image\/"}}]}},"_links":{"self":[{"href":"https:\/\/clinicatenisteknon.com\/es_es\/wp-json\/wp\/v2\/pages\/1460","targetHints":{"allow":["GET"]}}],"collection":[{"href":"https:\/\/clinicatenisteknon.com\/es_es\/wp-json\/wp\/v2\/pages"}],"about":[{"href":"https:\/\/clinicatenisteknon.com\/es_es\/wp-json\/wp\/v2\/types\/page"}],"author":[{"embeddable":true,"href":"https:\/\/clinicatenisteknon.com\/es_es\/wp-json\/wp\/v2\/users\/4"}],"replies":[{"embeddable":true,"href":"https:\/\/clinicatenisteknon.com\/es_es\/wp-json\/wp\/v2\/comments?post=1460"}],"version-history":[{"count":10,"href":"https:\/\/clinicatenisteknon.com\/es_es\/wp-json\/wp\/v2\/pages\/1460\/revisions"}],"predecessor-version":[{"id":1498,"href":"https:\/\/clinicatenisteknon.com\/es_es\/wp-json\/wp\/v2\/pages\/1460\/revisions\/1498"}],"up":[{"embeddable":true,"href":"https:\/\/clinicatenisteknon.com\/es_es\/wp-json\/wp\/v2\/pages\/1168"}],"wp:attachment":[{"href":"https:\/\/clinicatenisteknon.com\/es_es\/wp-json\/wp\/v2\/media?parent=1460"}],"curies":[{"name":"wp","href":"https:\/\/api.w.org\/{rel}","templated":true}]}}